{"id":479,"date":"2017-09-01T00:21:53","date_gmt":"2017-08-31T22:21:53","guid":{"rendered":"http:\/\/www.haarstudio-schmitz.de\/public\/web\/?post_type=project&#038;p=479"},"modified":"2017-09-01T02:19:48","modified_gmt":"2017-09-01T00:19:48","slug":"haarverlaengerungen","status":"publish","type":"project","link":"https:\/\/haarstudio-schmitz.de\/public\/web\/project\/haarverlaengerungen\/","title":{"rendered":"Haarverl\u00e4ngerungen"},"content":{"rendered":"<p>[et_pb_section transparent_background=&#8220;off&#8220; allow_player_pause=&#8220;off&#8220; inner_shadow=&#8220;off&#8220; parallax=&#8220;off&#8220; parallax_method=&#8220;on&#8220; make_fullwidth=&#8220;off&#8220; use_custom_width=&#8220;off&#8220; width_unit=&#8220;off&#8220; custom_width_px=&#8220;1080px&#8220; custom_width_percent=&#8220;80%&#8220; make_equal=&#8220;off&#8220; use_custom_gutter=&#8220;off&#8220; fullwidth=&#8220;off&#8220; specialty=&#8220;off&#8220; admin_label=&#8220;section&#8220; disabled=&#8220;off&#8220;][et_pb_row make_fullwidth=&#8220;off&#8220; use_custom_width=&#8220;off&#8220; width_unit=&#8220;off&#8220; custom_width_px=&#8220;1080px&#8220; custom_width_percent=&#8220;80%&#8220; use_custom_gutter=&#8220;off&#8220; gutter_width=&#8220;3&#8243; allow_player_pause=&#8220;off&#8220; parallax=&#8220;off&#8220; parallax_method=&#8220;on&#8220; make_equal=&#8220;off&#8220; parallax_1=&#8220;off&#8220; parallax_method_1=&#8220;on&#8220; parallax_2=&#8220;off&#8220; parallax_method_2=&#8220;on&#8220; parallax_3=&#8220;off&#8220; parallax_method_3=&#8220;on&#8220; parallax_4=&#8220;off&#8220; parallax_method_4=&#8220;on&#8220; admin_label=&#8220;row&#8220; disabled=&#8220;off&#8220;][et_pb_column type=&#8220;4_4&#8243; disabled=&#8220;off&#8220; parallax=&#8220;off&#8220; parallax_method=&#8220;on&#8220;][et_pb_text background_layout=&#8220;light&#8220; text_orientation=&#8220;left&#8220; module_class=&#8220;headline1&#8243; header_font=&#8220;Abel||||&#8220; header_font_size=&#8220;22px&#8220; text_font_size=&#8220;56px&#8220; text_text_color=&#8220;#a66466&#8243; use_border_color=&#8220;off&#8220; border_style=&#8220;solid&#8220; disabled=&#8220;off&#8220; saved_tabs=&#8220;all&#8220;]<\/p>\n<p style=\"text-align: center;\" class=\"et-fb-mce-line-break-holder\">\n<p style=\"text-align: center;\">Haarverl\u00e4ngerungen<\/p>\n<p style=\"text-align: center;\" class=\"et-fb-mce-line-break-holder\">\n<p>[\/et_pb_text][et_pb_image src=&#8220;http:\/\/www.haarstudio-schmitz.de\/public\/web\/wp-content\/uploads\/2017\/09\/HDZuzanaUschi05.jpg&#8220; show_in_lightbox=&#8220;off&#8220; url_new_window=&#8220;off&#8220; use_overlay=&#8220;off&#8220; sticky=&#8220;off&#8220; align=&#8220;left&#8220; force_fullwidth=&#8220;off&#8220; always_center_on_mobile=&#8220;on&#8220; use_border_color=&#8220;off&#8220; border_color=&#8220;#ffffff&#8220; border_width=&#8220;1px&#8220; border_style=&#8220;solid&#8220; disabled=&#8220;off&#8220;][\/et_pb_image][et_pb_text background_layout=&#8220;light&#8220; text_orientation=&#8220;left&#8220; admin_label=&#8220;Text&#8220; use_border_color=&#8220;off&#8220; border_style=&#8220;solid&#8220; disabled=&#8220;off&#8220;]<\/p>\n<p>Mehr L\u00e4nge, mehr Volumen und Effekte? Feines Haar oder kahle Stellen am Kopf m\u00fcssen heute nicht mehr sein. Wir erf\u00fcllen Ihre Frisurentr\u00e4ume. Die unterschiedlichsten Haarl\u00e4ngen und auch eine riesige Farbauswahl werden Sie begeistern. Machen Sie Ihren Traum war von langem, volumin\u00f6sem Haar. \u00a0Lassen Sie sich inspirieren mit Hairdreams \u2013 the Art of Hair-Creation.<\/p>\n<p>Bei Kahlstellen am Oberkopf empfehlen wir das Microlines \u2013System, die nat\u00fcrliche Haarverdichtung. Das Microlines-System l\u00e4sst Ihr Haar wieder voll erscheinen und Ihr Selbstbewusstsein wird dadurch gest\u00e4rkt. \u00a0Durch die schonende Technik wird ihr eigenes Haar nicht besch\u00e4digt.<\/p>\n<p>Gerne beraten wir Sie pers\u00f6nlich in unserem Salon.<\/p>\n<p>[\/et_pb_text][\/et_pb_column][\/et_pb_row][\/et_pb_section][et_pb_section transparent_background=&#8220;off&#8220; background_color=&#8220;#e7e5e2&#8243; allow_player_pause=&#8220;off&#8220; inner_shadow=&#8220;off&#8220; parallax=&#8220;off&#8220; parallax_method=&#8220;on&#8220; custom_padding=&#8220;54px|0px|42px|0px&#8220; make_fullwidth=&#8220;off&#8220; use_custom_width=&#8220;off&#8220; width_unit=&#8220;off&#8220; custom_width_px=&#8220;1080px&#8220; custom_width_percent=&#8220;80%&#8220; make_equal=&#8220;off&#8220; use_custom_gutter=&#8220;off&#8220; fullwidth=&#8220;off&#8220; specialty=&#8220;off&#8220; disabled=&#8220;off&#8220;][et_pb_row make_fullwidth=&#8220;off&#8220; use_custom_width=&#8220;off&#8220; width_unit=&#8220;off&#8220; custom_width_px=&#8220;1080px&#8220; custom_width_percent=&#8220;80%&#8220; use_custom_gutter=&#8220;off&#8220; gutter_width=&#8220;3&#8243; allow_player_pause=&#8220;off&#8220; parallax=&#8220;off&#8220; parallax_method=&#8220;on&#8220; make_equal=&#8220;off&#8220; parallax_1=&#8220;off&#8220; parallax_method_1=&#8220;on&#8220; parallax_2=&#8220;off&#8220; parallax_method_2=&#8220;on&#8220; parallax_3=&#8220;off&#8220; parallax_method_3=&#8220;on&#8220; parallax_4=&#8220;off&#8220; parallax_method_4=&#8220;on&#8220; disabled=&#8220;off&#8220;][et_pb_column type=&#8220;4_4&#8243; disabled=&#8220;off&#8220; parallax=&#8220;off&#8220; parallax_method=&#8220;on&#8220;][et_pb_text background_layout=&#8220;light&#8220; text_orientation=&#8220;left&#8220; module_class=&#8220;headline1&#8243; header_font=&#8220;Abel||||&#8220; header_font_size=&#8220;22px&#8220; text_font_size=&#8220;56px&#8220; text_text_color=&#8220;#a66466&#8243; use_border_color=&#8220;off&#8220; border_style=&#8220;solid&#8220; disabled=&#8220;off&#8220;]<\/p>\n<p style=\"text-align: center;\">Beispiele<\/p>\n<p>[\/et_pb_text][et_pb_text background_layout=&#8220;light&#8220; text_orientation=&#8220;left&#8220; use_border_color=&#8220;off&#8220; border_style=&#8220;solid&#8220; disabled=&#8220;off&#8220;]<\/p>\n<p style=\"text-align: center;\">Sehen Sie hier einige Beispiele, die mit den Produkten von Hairdreams realisiert wurden.<\/p>\n<p>[\/et_pb_text][\/et_pb_column][\/et_pb_row][et_pb_row make_fullwidth=&#8220;off&#8220; use_custom_width=&#8220;off&#8220; width_unit=&#8220;off&#8220; custom_width_px=&#8220;1080px&#8220; custom_width_percent=&#8220;80%&#8220; use_custom_gutter=&#8220;off&#8220; gutter_width=&#8220;3&#8243; allow_player_pause=&#8220;off&#8220; parallax=&#8220;off&#8220; parallax_method=&#8220;on&#8220; make_equal=&#8220;off&#8220; parallax_1=&#8220;off&#8220; parallax_method_1=&#8220;on&#8220; parallax_2=&#8220;off&#8220; parallax_method_2=&#8220;on&#8220; parallax_3=&#8220;off&#8220; parallax_method_3=&#8220;on&#8220; parallax_4=&#8220;off&#8220; parallax_method_4=&#8220;on&#8220; disabled=&#8220;off&#8220;][et_pb_column type=&#8220;4_4&#8243; disabled=&#8220;off&#8220; parallax=&#8220;off&#8220; parallax_method=&#8220;on&#8220;][et_pb_gallery gallery_ids=&#8220;522,524,525,527,528,530,531&#8243; fullwidth=&#8220;off&#8220; posts_number=&#8220;12&#8243; orientation=&#8220;portrait&#8220; show_title_and_caption=&#8220;off&#8220; show_pagination=&#8220;off&#8220; background_layout=&#8220;light&#8220; auto=&#8220;off&#8220; auto_speed=&#8220;7000&#8243; use_border_color=&#8220;off&#8220; border_color=&#8220;#ffffff&#8220; border_width=&#8220;1px&#8220; border_style=&#8220;solid&#8220; disabled=&#8220;off&#8220;][\/et_pb_gallery][\/et_pb_column][\/et_pb_row][\/et_pb_section][et_pb_section transparent_background=&#8220;off&#8220; allow_player_pause=&#8220;off&#8220; inner_shadow=&#8220;off&#8220; parallax=&#8220;off&#8220; parallax_method=&#8220;on&#8220; custom_padding=&#8220;44px|0px|54px|0px&#8220; make_fullwidth=&#8220;off&#8220; use_custom_width=&#8220;off&#8220; width_unit=&#8220;off&#8220; custom_width_px=&#8220;1080px&#8220; custom_width_percent=&#8220;80%&#8220; make_equal=&#8220;off&#8220; use_custom_gutter=&#8220;off&#8220; fullwidth=&#8220;off&#8220; specialty=&#8220;off&#8220; disabled=&#8220;off&#8220;][et_pb_row make_fullwidth=&#8220;off&#8220; use_custom_width=&#8220;off&#8220; width_unit=&#8220;off&#8220; custom_width_px=&#8220;1080px&#8220; custom_width_percent=&#8220;80%&#8220; use_custom_gutter=&#8220;off&#8220; gutter_width=&#8220;3&#8243; custom_padding=&#8220;0px|0px|27px|0px&#8220; allow_player_pause=&#8220;off&#8220; parallax=&#8220;off&#8220; parallax_method=&#8220;on&#8220; make_equal=&#8220;off&#8220; parallax_1=&#8220;off&#8220; parallax_method_1=&#8220;on&#8220; parallax_2=&#8220;off&#8220; parallax_method_2=&#8220;on&#8220; parallax_3=&#8220;off&#8220; parallax_method_3=&#8220;on&#8220; parallax_4=&#8220;off&#8220; parallax_method_4=&#8220;on&#8220; disabled=&#8220;off&#8220;][et_pb_column type=&#8220;4_4&#8243; disabled=&#8220;off&#8220; parallax=&#8220;off&#8220; parallax_method=&#8220;on&#8220;][et_pb_text background_layout=&#8220;light&#8220; text_orientation=&#8220;left&#8220; use_border_color=&#8220;off&#8220; border_style=&#8220;solid&#8220; disabled=&#8220;off&#8220;][\/et_pb_text][et_pb_text background_layout=&#8220;light&#8220; text_orientation=&#8220;left&#8220; module_class=&#8220;headline1&#8243; header_font=&#8220;Abel||||&#8220; header_font_size=&#8220;22px&#8220; text_font_size=&#8220;56px&#8220; text_text_color=&#8220;#a66466&#8243; use_border_color=&#8220;off&#8220; border_style=&#8220;solid&#8220; disabled=&#8220;off&#8220; saved_tabs=&#8220;all&#8220;]<\/p>\n<p style=\"text-align: center;\" class=\"et-fb-mce-line-break-holder\">\n<p style=\"text-align: center;\">Videos<\/p>\n<p style=\"text-align: center;\" class=\"et-fb-mce-line-break-holder\">\n<p>[\/et_pb_text][et_pb_text background_layout=&#8220;light&#8220; text_orientation=&#8220;left&#8220; use_border_color=&#8220;off&#8220; border_style=&#8220;solid&#8220; custom_margin=&#8220;-40px|||&#8220; disabled=&#8220;off&#8220;]<\/p>\n<p style=\"text-align: center;\">Noch mehr Informationen &uuml;ber die M&ouml;glichkeiten mit&nbsp;Hairdreams.<\/p>\n<p>[\/et_pb_text][et_pb_text background_layout=&#8220;light&#8220; text_orientation=&#8220;left&#8220; use_border_color=&#8220;off&#8220; border_style=&#8220;solid&#8220; disabled=&#8220;off&#8220;][\/et_pb_text][\/et_pb_column][\/et_pb_row][et_pb_row make_fullwidth=&#8220;off&#8220; use_custom_width=&#8220;off&#8220; width_unit=&#8220;off&#8220; custom_width_px=&#8220;1080px&#8220; custom_width_percent=&#8220;80%&#8220; use_custom_gutter=&#8220;off&#8220; gutter_width=&#8220;3&#8243; allow_player_pause=&#8220;off&#8220; parallax=&#8220;off&#8220; parallax_method=&#8220;on&#8220; make_equal=&#8220;off&#8220; parallax_1=&#8220;off&#8220; parallax_method_1=&#8220;on&#8220; parallax_2=&#8220;off&#8220; parallax_method_2=&#8220;on&#8220; parallax_3=&#8220;off&#8220; parallax_method_3=&#8220;on&#8220; parallax_4=&#8220;off&#8220; parallax_method_4=&#8220;on&#8220; disabled=&#8220;off&#8220;][et_pb_column type=&#8220;1_2&#8243; disabled=&#8220;off&#8220; parallax=&#8220;off&#8220; parallax_method=&#8220;on&#8220;][et_pb_video src=&#8220;http:\/\/www.haarstudio-schmitz.de\/public\/web\/wp-content\/uploads\/2017\/09\/11856055-hairdreams-nano-sd.mp4&#8243; disabled=&#8220;off&#8220;][\/et_pb_video][\/et_pb_column][et_pb_column type=&#8220;1_2&#8243; disabled=&#8220;off&#8220; parallax=&#8220;off&#8220; parallax_method=&#8220;on&#8220;][et_pb_video src=&#8220;http:\/\/www.haarstudio-schmitz.de\/public\/web\/wp-content\/uploads\/2017\/09\/11856073-hairdreams20trends202014-sd-1.mp4&#8243; custom_css_main_element=&#8220;border: 1px solid lightgrey;&#8220; disabled=&#8220;off&#8220;][\/et_pb_video][\/et_pb_column][\/et_pb_row][et_pb_row make_fullwidth=&#8220;off&#8220; use_custom_width=&#8220;off&#8220; width_unit=&#8220;off&#8220; custom_width_px=&#8220;1080px&#8220; custom_width_percent=&#8220;80%&#8220; use_custom_gutter=&#8220;off&#8220; gutter_width=&#8220;3&#8243; allow_player_pause=&#8220;off&#8220; parallax=&#8220;off&#8220; parallax_method=&#8220;on&#8220; make_equal=&#8220;off&#8220; parallax_1=&#8220;off&#8220; parallax_method_1=&#8220;on&#8220; parallax_2=&#8220;off&#8220; parallax_method_2=&#8220;on&#8220; parallax_3=&#8220;off&#8220; parallax_method_3=&#8220;on&#8220; parallax_4=&#8220;off&#8220; parallax_method_4=&#8220;on&#8220;][et_pb_column type=&#8220;4_4&#8243; parallax=&#8220;off&#8220; parallax_method=&#8220;on&#8220;][et_pb_text background_layout=&#8220;light&#8220; text_orientation=&#8220;left&#8220; use_border_color=&#8220;off&#8220; border_style=&#8220;solid&#8220; custom_margin=&#8220;-40px|||&#8220; disabled=&#8220;off&#8220;]<\/p>\n<p style=\"text-align: center;\">Copyright&nbsp;Bilder und Videos: <a href=\"http:\/\/hairdreams.de\" target=\"_blank\">Hairdreams<\/a><\/p>\n<p>[\/et_pb_text][\/et_pb_column][\/et_pb_row][\/et_pb_section]<\/p>\n","protected":false},"excerpt":{"rendered":"<p>Haarverl\u00e4ngerungen Mehr L\u00e4nge, mehr Volumen und Effekte? Feines Haar oder kahle Stellen am Kopf m\u00fcssen heute nicht mehr sein. Wir erf\u00fcllen Ihre Frisurentr\u00e4ume. Die unterschiedlichsten Haarl\u00e4ngen und auch eine riesige Farbauswahl werden Sie begeistern. Machen Sie Ihren Traum war von langem, volumin\u00f6sem Haar. \u00a0Lassen Sie sich inspirieren mit Hairdreams \u2013 the Art of Hair-Creation. Bei [&hellip;]<\/p>\n","protected":false},"author":1,"featured_media":480,"template":"","meta":{"_et_pb_use_builder":"on","_et_pb_old_content":"<p>Mehr L\u00e4nge, mehr Volumen und Effekte? Feines Haar oder kahle Stellen am Kopf m\u00fcssen heute nicht mehr sein. Wir erf\u00fcllen Ihre Frisurentr\u00e4ume. Die unterschiedlichsten Haarl\u00e4ngen und auch eine riesige Farbauswahl werden Sie begeistern. Machen Sie Ihren Traum war von langem, volumin\u00f6sem Haar. \u00a0Lassen Sie sich inspirieren mit Hairdreams \u2013 the Art of Hair-Creation.<\/p><p>Bei Kahlstellen am Oberkopf empfehlen wir das Microlines \u2013System, die nat\u00fcrliche Haarverdichtung. Das Microlines-System l\u00e4sst Ihr Haar wieder voll erscheinen und Ihr Selbstbewusstsein wird dadurch gest\u00e4rkt. \u00a0Durch die schonende Technik wird ihr eigenes Haar nicht besch\u00e4digt.<\/p><p>Gerne beraten wir Sie pers\u00f6nlich in unserem Salon.<\/p>","_et_gb_content_width":"","footnotes":""},"project_category":[4],"project_tag":[],"class_list":["post-479","project","type-project","status-publish","has-post-thumbnail","hentry","project_category-haarverlaengerung"],"_links":{"self":[{"href":"https:\/\/haarstudio-schmitz.de\/public\/web\/wp-json\/wp\/v2\/project\/479","targetHints":{"allow":["GET"]}}],"collection":[{"href":"https:\/\/haarstudio-schmitz.de\/public\/web\/wp-json\/wp\/v2\/project"}],"about":[{"href":"https:\/\/haarstudio-schmitz.de\/public\/web\/wp-json\/wp\/v2\/types\/project"}],"author":[{"embeddable":true,"href":"https:\/\/haarstudio-schmitz.de\/public\/web\/wp-json\/wp\/v2\/users\/1"}],"version-history":[{"count":10,"href":"https:\/\/haarstudio-schmitz.de\/public\/web\/wp-json\/wp\/v2\/project\/479\/revisions"}],"predecessor-version":[{"id":539,"href":"https:\/\/haarstudio-schmitz.de\/public\/web\/wp-json\/wp\/v2\/project\/479\/revisions\/539"}],"wp:featuredmedia":[{"embeddable":true,"href":"https:\/\/haarstudio-schmitz.de\/public\/web\/wp-json\/wp\/v2\/media\/480"}],"wp:attachment":[{"href":"https:\/\/haarstudio-schmitz.de\/public\/web\/wp-json\/wp\/v2\/media?parent=479"}],"wp:term":[{"taxonomy":"project_category","embeddable":true,"href":"https:\/\/haarstudio-schmitz.de\/public\/web\/wp-json\/wp\/v2\/project_category?post=479"},{"taxonomy":"project_tag","embeddable":true,"href":"https:\/\/haarstudio-schmitz.de\/public\/web\/wp-json\/wp\/v2\/project_tag?post=479"}],"curies":[{"name":"wp","href":"https:\/\/api.w.org\/{rel}","templated":true}]}}