{"id":146,"date":"2017-04-11T16:39:33","date_gmt":"2017-04-11T14:39:33","guid":{"rendered":"http:\/\/www.haarstudio-schmitz.de\/public\/web\/?post_type=project&#038;p=146"},"modified":"2017-09-20T17:57:02","modified_gmt":"2017-09-20T15:57:02","slug":"portfolio-vier","status":"publish","type":"project","link":"https:\/\/haarstudio-schmitz.de\/public\/web\/project\/portfolio-vier\/","title":{"rendered":"Str\u00e4hnen &#038; Folienstr\u00e4hnen"},"content":{"rendered":"<p>Wir bieten verschiedene Str\u00e4hnentechniken an, unter anderem Kammstr\u00e4hnen f\u00fcr ein auffrischenden und lebendigen Ausdruck. Au\u00dferdem besteht die M\u00f6glichkeit mit mehreren Farben zu arbeiten um noch ein nat\u00fcrlicheres Ergebnis zu erzielen.<\/p>\n<p>Langes oder kurzes Haar bearbeiten wir mit Folie. Durch die sogenannte Webtechnik erzielen wir ein gleichm\u00e4\u00dfiges\u00a0 Farbergebnis. Mit ein paar Folienstr\u00e4hnen kann man schon eine Auffrischung und Lebendigkeit des Haares erzeugen. Die Anwendung mit Colorphlex sch\u00fctzt ihr Haar zus\u00e4tzlich, die\u00a0 Festigkeit und verbesserte Qualit\u00e4t der Haarstruktur.<\/p>\n<p>Gerne beraten wir Sie pers\u00f6nlich in unserem Salon.<\/p>\n","protected":false},"excerpt":{"rendered":"<p>Wir bieten verschiedene Str\u00e4hnentechniken an, unter anderem Kammstr\u00e4hnen f\u00fcr ein auffrischenden und lebendigen Ausdruck. Au\u00dferdem besteht die M\u00f6glichkeit mit mehreren Farben zu arbeiten um noch ein nat\u00fcrlicheres Ergebnis zu erzielen. Langes oder kurzes Haar bearbeiten wir mit Folie. Durch die sogenannte Webtechnik erzielen wir ein gleichm\u00e4\u00dfiges\u00a0 Farbergebnis. Mit ein paar Folienstr\u00e4hnen kann man schon eine [&hellip;]<\/p>\n","protected":false},"author":1,"featured_media":571,"template":"","meta":{"_et_pb_use_builder":"","_et_pb_old_content":"","_et_gb_content_width":"","footnotes":""},"project_category":[13],"project_tag":[],"class_list":["post-146","project","type-project","status-publish","has-post-thumbnail","hentry","project_category-faerbe"],"_links":{"self":[{"href":"https:\/\/haarstudio-schmitz.de\/public\/web\/wp-json\/wp\/v2\/project\/146","targetHints":{"allow":["GET"]}}],"collection":[{"href":"https:\/\/haarstudio-schmitz.de\/public\/web\/wp-json\/wp\/v2\/project"}],"about":[{"href":"https:\/\/haarstudio-schmitz.de\/public\/web\/wp-json\/wp\/v2\/types\/project"}],"author":[{"embeddable":true,"href":"https:\/\/haarstudio-schmitz.de\/public\/web\/wp-json\/wp\/v2\/users\/1"}],"version-history":[{"count":4,"href":"https:\/\/haarstudio-schmitz.de\/public\/web\/wp-json\/wp\/v2\/project\/146\/revisions"}],"predecessor-version":[{"id":565,"href":"https:\/\/haarstudio-schmitz.de\/public\/web\/wp-json\/wp\/v2\/project\/146\/revisions\/565"}],"wp:featuredmedia":[{"embeddable":true,"href":"https:\/\/haarstudio-schmitz.de\/public\/web\/wp-json\/wp\/v2\/media\/571"}],"wp:attachment":[{"href":"https:\/\/haarstudio-schmitz.de\/public\/web\/wp-json\/wp\/v2\/media?parent=146"}],"wp:term":[{"taxonomy":"project_category","embeddable":true,"href":"https:\/\/haarstudio-schmitz.de\/public\/web\/wp-json\/wp\/v2\/project_category?post=146"},{"taxonomy":"project_tag","embeddable":true,"href":"https:\/\/haarstudio-schmitz.de\/public\/web\/wp-json\/wp\/v2\/project_tag?post=146"}],"curies":[{"name":"wp","href":"https:\/\/api.w.org\/{rel}","templated":true}]}}